{"id":244,"date":"2020-11-01T22:10:27","date_gmt":"2020-11-01T22:10:27","guid":{"rendered":"http:\/\/icomos.at\/wp2021\/?page_id=244"},"modified":"2026-01-23T19:13:02","modified_gmt":"2026-01-23T17:13:02","slug":"der-vorstand","status":"publish","type":"page","link":"http:\/\/icomos.at\/wp2021\/icomos\/icomos-austria\/der-vorstand\/","title":{"rendered":"Vorstand"},"content":{"rendered":"\t\t<div data-elementor-type=\"wp-page\" data-elementor-id=\"244\" class=\"elementor elementor-244\" data-elementor-post-type=\"page\">\n\t\t\t\t\t\t<section class=\"elementor-section elementor-top-section elementor-element elementor-element-65a3b343 elementor-section-boxed elementor-section-height-default elementor-section-height-default\" data-id=\"65a3b343\" data-element_type=\"section\">\n\t\t\t\t\t\t<div class=\"elementor-container elementor-column-gap-default\">\n\t\t\t\t\t<div class=\"elementor-column elementor-col-100 elementor-top-column elementor-element elementor-element-7dee2339\" data-id=\"7dee2339\" data-element_type=\"column\">\n\t\t\t<div class=\"elementor-widget-wrap elementor-element-populated\">\n\t\t\t\t\t\t<div class=\"elementor-element elementor-element-11da6f79 elementor-widget elementor-widget-text-editor\" data-id=\"11da6f79\" data-element_type=\"widget\" data-widget_type=\"text-editor.default\">\n\t\t\t\t<div class=\"elementor-widget-container\">\n\t\t\t\t\t\t\t<p>ICOMOS Austria hat seit 17. M\u00e4rz 2018 eine neue F\u00fchrung. Die damals von der Mehrheit der Mitglieder gew\u00e4hlte Pr\u00e4sidentin Prof. Dr. Caroline J\u00e4ger-Klein, Professorin f\u00fcr Architekturgeschichte an der Technischen Universit\u00e4t Wien, hatte unmittelbar die seit 2011 diskutierte Umwandlung des Nationalkomitees in einen \u00f6sterreichischen Verein in Angriff zu nehmen. Mit der Mitgliederversammlung, die am 20. Oktober 2018 in Neusiedl am See stattfand, wurde dieser Prozess unter Beobachtung durch die Direktorin des Internationalen B\u00fcros von ICOMOS, Gaia Jungeblodt, abgeschlossen. Die Statutendiskussion wurde vom langj\u00e4hrigen Mitglied des ICLAFI (International Scientific Committee for Law, Finances and Administration von ICOMOS), Dr. Wolfgang Karl G\u00f6hner, verfolgt.\u00a0<\/p><p>In der 7. Generalversammlung am 13. April 2024 in Enns an der Donau wurde der Vorstand neu gew\u00e4hlt. Dr. Renate Bornberg wurde zur zweiten Vizepr\u00e4sidentin gew\u00e4hlt, w\u00e4hrend Prof.Dr. D\u00f6rte Kuhlmann zur das Amt der Schriftf\u00fchrerin \u00fcbernahm. Dr. Claudiu Silvestru und Dr. Roland Tusch wurden jeweils als Kassier-Stellvertreter und als Schriftf\u00fchrerin-Stellvertreter bestellt.<\/p>\t\t\t\t\t\t<\/div>\n\t\t\t\t<\/div>\n\t\t\t\t<div class=\"elementor-element elementor-element-cd98a32 elementor-widget-divider--view-line elementor-widget elementor-widget-divider\" data-id=\"cd98a32\" data-element_type=\"widget\" data-widget_type=\"divider.default\">\n\t\t\t\t<div class=\"elementor-widget-container\">\n\t\t\t\t\t<div class=\"elementor-divider\">\n\t\t\t<span class=\"elementor-divider-separator\">\n\t\t\t\t\t\t<\/span>\n\t\t<\/div>\n\t\t\t\t<\/div>\n\t\t\t\t<\/div>\n\t\t\t\t\t<\/div>\n\t\t<\/div>\n\t\t\t\t\t<\/div>\n\t\t<\/section>\n\t\t\t\t<section class=\"elementor-section elementor-top-section elementor-element elementor-element-99b6033 elementor-section-boxed elementor-section-height-default elementor-section-height-default\" data-id=\"99b6033\" data-element_type=\"section\">\n\t\t\t\t\t\t<div class=\"elementor-container elementor-column-gap-default\">\n\t\t\t\t\t<div class=\"elementor-column elementor-col-100 elementor-top-column elementor-element elementor-element-44e3a33\" data-id=\"44e3a33\" data-element_type=\"column\">\n\t\t\t<div class=\"elementor-widget-wrap elementor-element-populated\">\n\t\t\t\t\t\t<section class=\"elementor-section elementor-inner-section elementor-element elementor-element-55200b1 elementor-section-boxed elementor-section-height-default elementor-section-height-default\" data-id=\"55200b1\" data-element_type=\"section\">\n\t\t\t\t\t\t<div class=\"elementor-container elementor-column-gap-default\">\n\t\t\t\t\t<div class=\"elementor-column elementor-col-50 elementor-inner-column elementor-element elementor-element-2fe0a47\" data-id=\"2fe0a47\" data-element_type=\"column\">\n\t\t\t<div class=\"elementor-widget-wrap elementor-element-populated\">\n\t\t\t\t\t\t<div class=\"elementor-element elementor-element-7a47f61 elementor-widget elementor-widget-text-editor\" data-id=\"7a47f61\" data-element_type=\"widget\" data-widget_type=\"text-editor.default\">\n\t\t\t\t<div class=\"elementor-widget-container\">\n\t\t\t\t\t\t\t<h4><strong>Pr\u00e4sidentin<\/strong><\/h4><p>Ao. Univ.-Prof. Dipl.-Ing. <br \/>Dr. techn. <strong>Caroline J\u00e4ger-Klein<\/strong><\/p>\t\t\t\t\t\t<\/div>\n\t\t\t\t<\/div>\n\t\t\t\t<div class=\"elementor-element elementor-element-313946b elementor-widget elementor-widget-image\" data-id=\"313946b\" data-element_type=\"widget\" data-widget_type=\"image.default\">\n\t\t\t\t<div class=\"elementor-widget-container\">\n\t\t\t\t\t\t\t\t\t\t<figure class=\"wp-caption\">\n\t\t\t\t\t\t\t\t\t\t<img fetchpriority=\"high\" decoding=\"async\" width=\"300\" height=\"450\" src=\"http:\/\/icomos.at\/wp2021\/wp-content\/uploads\/2021\/04\/Portrait-Jaeger-Klein-5-@TU-Wien-300x450.jpg\" class=\"attachment-medium size-medium wp-image-2076\" alt=\"\" srcset=\"http:\/\/icomos.at\/wp2021\/wp-content\/uploads\/2021\/04\/Portrait-Jaeger-Klein-5-@TU-Wien-300x450.jpg 300w, http:\/\/icomos.at\/wp2021\/wp-content\/uploads\/2021\/04\/Portrait-Jaeger-Klein-5-@TU-Wien-683x1024.jpg 683w, http:\/\/icomos.at\/wp2021\/wp-content\/uploads\/2021\/04\/Portrait-Jaeger-Klein-5-@TU-Wien-768x1151.jpg 768w, http:\/\/icomos.at\/wp2021\/wp-content\/uploads\/2021\/04\/Portrait-Jaeger-Klein-5-@TU-Wien-1025x1536.jpg 1025w, http:\/\/icomos.at\/wp2021\/wp-content\/uploads\/2021\/04\/Portrait-Jaeger-Klein-5-@TU-Wien-1367x2048.jpg 1367w, http:\/\/icomos.at\/wp2021\/wp-content\/uploads\/2021\/04\/Portrait-Jaeger-Klein-5-@TU-Wien-scaled.jpg 1708w\" sizes=\"(max-width: 300px) 100vw, 300px\" \/>\t\t\t\t\t\t\t\t\t\t\t<figcaption class=\"widget-image-caption wp-caption-text\">Foto: TU Wien<\/figcaption>\n\t\t\t\t\t\t\t\t\t\t<\/figure>\n\t\t\t\t\t\t\t<\/div>\n\t\t\t\t<\/div>\n\t\t\t\t\t<\/div>\n\t\t<\/div>\n\t\t\t\t<div class=\"elementor-column elementor-col-50 elementor-inner-column elementor-element elementor-element-5c02464\" data-id=\"5c02464\" data-element_type=\"column\">\n\t\t\t<div class=\"elementor-widget-wrap elementor-element-populated\">\n\t\t\t\t\t\t<div class=\"elementor-element elementor-element-60fffc8 elementor-widget elementor-widget-text-editor\" data-id=\"60fffc8\" data-element_type=\"widget\" data-widget_type=\"text-editor.default\">\n\t\t\t\t<div class=\"elementor-widget-container\">\n\t\t\t\t\t\t\t<p><span lang=\"DE-AT\">Caroline J\u00e4ger-Klein wurde 2003 auf Vorschlag von <span style=\"color: #000000;\">Professor Eduard Sekler, Harvard und langj\u00e4hriger UNESCO Berater, Mitglied von ICOMOS \u00d6sterreich. 2013 leitete sie die ICOMOS S\u00fcdost-Europa Regionalkonferenz in Wien, 2014 gr\u00fcndete sie die ICOMOS Gruppe des Kosovo, und 2019 initiierte und leitete die ICOMOS S\u00fcdost-Europa Regionalkonferenz in Kotor, Montenegro. 2015 \u00fcberantwortet ihr der vorherige Pr\u00e4sident von ICOMOS \u00d6sterreich Dr. Wilfried Lipp bereits die Leitung der Arbeitsgruppen \u201eZukunft\u201c und \u201eStatuten\u201c. Der 2015 ausgel\u00f6ste <i>ICOMOS Heritage Alert<\/i> f\u00fcr das heutige Otto-Wagner-Hospital Am Steinhof in Wien basiert auf ihrer (gemeinsam mit Plakolm-Forsthuber) wissenschaftlichen Erforschung und Dokumentation der Baugeschichte des Areals, die 2014 bei Birkh\u00e4user publiziert wurde. Seit 2012 ist sie regelm\u00e4\u00dfig eingeladen, die Ergebnisse ihrer Forschungsergebnisse auf den weltweiten Fachkonferenzen (CIPA, SAHC, ICCH) vorgetragen und zu publiziert. Zuletzt beriet Sie, strikt ehrenamtlich, das Kulturdirektorat von Montenegro, den Kabinettschef des albanischen Pr\u00e4sidenten und diverse Regierungsstellen des Kosovo in Angelegenheiten des Kulturerbes.<br \/><\/span><\/span><span style=\"font-family: var( --e-global-typography-text-font-family ), Sans-serif; font-weight: var( --e-global-typography-text-font-weight ); letter-spacing: 0px; background-color: var(--nv-site-bg);\">J\u00e4ger-Klein studierte Architektur an der TU Wien sowie der University of Michigan, USA. Sie h\u00e4lt die universit\u00e4re Lehrbefugnis f\u00fcr Architekturgeschichte an der TU Wien mit Schwerpunkt auf der \u00f6sterreichischen Architektur des 19. und 20. Jahrhunderts. Derzeit leitet Sie das Projekt zur Vollendung der von Friedrich Achleitner begr\u00fcndeten Handbuch-Serie zur \u00f6sterreichischen Architektur im 20. Jahrhundert mit dem Band \u00fcber Nieder\u00f6sterreich. Seit 2006 ist sie st\u00e4ndige Gastprofessorin an der UBT Pristina f\u00fcr <\/span><i style=\"font-family: var( --e-global-typography-text-font-family ), Sans-serif; font-weight: var( --e-global-typography-text-font-weight ); letter-spacing: 0px; background-color: var(--nv-site-bg);\">Architectural Heritage<\/i><span style=\"font-family: var( --e-global-typography-text-font-family ), Sans-serif; font-weight: var( --e-global-typography-text-font-weight ); letter-spacing: 0px; background-color: var(--nv-site-bg);\">. Von 2010-14 hatte sie die wissenschaftliche Leitung des Forschungsprojektes zur Dokumentation der Traditionellen Hausarchitektur Saudi-Arabiens inne. Seit Februar 2018 ist sie Senior Scientist im European Council Research Grant <\/span><i style=\"font-family: var( --e-global-typography-text-font-family ), Sans-serif; font-weight: var( --e-global-typography-text-font-weight ); letter-spacing: 0px; background-color: var(--nv-site-bg);\">Islamic Architecture and Orientalizing Style in Habsburg Bosnia, 1878-1918<\/i><span style=\"font-family: var( --e-global-typography-text-font-family ), Sans-serif; font-weight: var( --e-global-typography-text-font-weight ); letter-spacing: 0px; background-color: var(--nv-site-bg);\">, der am Institut f\u00fcr Kunstgeschichte der Universit\u00e4t Wien angesiedelt ist.<\/span><\/p>\t\t\t\t\t\t<\/div>\n\t\t\t\t<\/div>\n\t\t\t\t\t<\/div>\n\t\t<\/div>\n\t\t\t\t\t<\/div>\n\t\t<\/section>\n\t\t\t\t<div class=\"elementor-element elementor-element-75ab24d elementor-widget-divider--view-line elementor-widget elementor-widget-divider\" data-id=\"75ab24d\" data-element_type=\"widget\" data-widget_type=\"divider.default\">\n\t\t\t\t<div class=\"elementor-widget-container\">\n\t\t\t\t\t<div class=\"elementor-divider\">\n\t\t\t<span class=\"elementor-divider-separator\">\n\t\t\t\t\t\t<\/span>\n\t\t<\/div>\n\t\t\t\t<\/div>\n\t\t\t\t<\/div>\n\t\t\t\t<section class=\"elementor-section elementor-inner-section elementor-element elementor-element-f72729b elementor-section-boxed elementor-section-height-default elementor-section-height-default\" data-id=\"f72729b\" data-element_type=\"section\">\n\t\t\t\t\t\t<div class=\"elementor-container elementor-column-gap-default\">\n\t\t\t\t\t<div class=\"elementor-column elementor-col-50 elementor-inner-column elementor-element elementor-element-b13318d\" data-id=\"b13318d\" data-element_type=\"column\">\n\t\t\t<div class=\"elementor-widget-wrap elementor-element-populated\">\n\t\t\t\t\t\t<div class=\"elementor-element elementor-element-4b7dbc1 elementor-widget elementor-widget-text-editor\" data-id=\"4b7dbc1\" data-element_type=\"widget\" data-widget_type=\"text-editor.default\">\n\t\t\t\t<div class=\"elementor-widget-container\">\n\t\t\t\t\t\t\t<h4><span style=\"background-color: var(--nv-site-bg); letter-spacing: 0px; color: #000000;\">Vize-Pr\u00e4sidentin<\/span><\/h4><p style=\"letter-spacing: normal; font-family: Poppins, var(--nv-fallback-ff);\"><span style=\"color: #000000;\">Dr. <strong>Renate Bornberg<\/strong><br \/><\/span><\/p>\t\t\t\t\t\t<\/div>\n\t\t\t\t<\/div>\n\t\t\t\t\t<\/div>\n\t\t<\/div>\n\t\t\t\t<div class=\"elementor-column elementor-col-50 elementor-inner-column elementor-element elementor-element-b26e6e9\" data-id=\"b26e6e9\" data-element_type=\"column\">\n\t\t\t<div class=\"elementor-widget-wrap elementor-element-populated\">\n\t\t\t\t\t\t<div class=\"elementor-element elementor-element-6759f13 elementor-widget elementor-widget-text-editor\" data-id=\"6759f13\" data-element_type=\"widget\" data-widget_type=\"text-editor.default\">\n\t\t\t\t<div class=\"elementor-widget-container\">\n\t\t\t\t\t\t\t<p><span style=\"color: #000000;\">Renate Bornberg ist seit 2017 Mitglied bei ICOMOS Austria, seit 2021 im Advisory Committee von ICOMOS Int., sowie im Vorstand von ICOMOS Austria seit 2022 t\u00e4tig. Sie ist Monitoring Beauftragte von ICOMOS Austria f\u00fcr die Wachau, und war als Beraterin bei der Erarbeitung des Management Plans f\u00fcr das \u201eHistorische Zentrum Wien\u201c (2021) t\u00e4tig.<br \/>Renate Bornberg studierte an der TU Wien Architektur, wo sie auch promovierte (2003). Nachdem sie in verschiedenen B\u00fcros in Wien als Architektin gearbeitet hatte, wurde sie Assistentin am Institut f\u00fcr Regionale Architektur und Siedlungsplanung an der Leibniz Universit\u00e4t Hannover. 2000 wurde sie als Dozentin f\u00fcr Urban Design an die University of Liverpool berufen. Im Jahr 2009 wurde sie Vertretungsprofessorin f\u00fcr L\u00e4ndliches Bauen am Institut f\u00fcr Entwerfen und St\u00e4dtebau an der Leibniz Universit\u00e4t Hannover. Seit 2017 ist sie Dozentin am Institut f\u00fcr Kunstgeschichte, Bauforschung und Denkmalpflege an der TU Wien, wo sie sich zum Thema Au\u00dfereurop\u00e4ische Baukultur habilitiert. Neben ihrer wissenschaftlichen Arbeit unterh\u00e4lt sie ihr B\u00fcro, das Themen des Welterbe Erhaltes bearbeitet (buTa \u2013 bornberg urban theory and application).<br \/>Ihr Forschungsschwerpunkt liegt in der Analyse von Architektur und Au\u00dfenr\u00e4umen im internationalen Vergleich mit einem Schwerpunkt in S\u00fcdost Asien, Afrika und dem mediterranen Raum mit dem Schwerpunkt das kulturelle Erbe der jeweiligen Region zu erforschen. Zu diesen Themen sind zahlreiche Publikationen entstanden, zuletzt eine Monografie zum Thema Indien (Renate Bornberg: Urban India. Cultural Heritage, past and present, Springer, 2023).<br \/><\/span><\/p><p style=\"margin: 0cm 0cm 0.0001pt; line-height: 15.6933px; font-size: 11pt; font-family: Calibri; color: #000000;\">\u00a0<\/p>\t\t\t\t\t\t<\/div>\n\t\t\t\t<\/div>\n\t\t\t\t\t<\/div>\n\t\t<\/div>\n\t\t\t\t\t<\/div>\n\t\t<\/section>\n\t\t\t\t<section class=\"elementor-section elementor-inner-section elementor-element elementor-element-9be104d elementor-section-boxed elementor-section-height-default elementor-section-height-default\" data-id=\"9be104d\" data-element_type=\"section\">\n\t\t\t\t\t\t<div class=\"elementor-container elementor-column-gap-default\">\n\t\t\t\t\t<div class=\"elementor-column elementor-col-50 elementor-inner-column elementor-element elementor-element-f9aeb21\" data-id=\"f9aeb21\" data-element_type=\"column\">\n\t\t\t<div class=\"elementor-widget-wrap elementor-element-populated\">\n\t\t\t\t\t\t<div class=\"elementor-element elementor-element-008bc7b elementor-widget elementor-widget-text-editor\" data-id=\"008bc7b\" data-element_type=\"widget\" data-widget_type=\"text-editor.default\">\n\t\t\t\t<div class=\"elementor-widget-container\">\n\t\t\t\t\t\t\t<h4><span style=\"background-color: var(--nv-site-bg); letter-spacing: 0px; color: #000000;\">Vize-Pr\u00e4sident<\/span><\/h4><h4 style=\"letter-spacing: normal; font-family: Poppins, var(--nv-fallback-ff);\"><span style=\"color: #000000;\"><span style=\"font-family: 'Didact Gothic', sans-serif; font-size: 16px; font-weight: 400;\">o. Univ.-Prof. Mag. <br \/>Dipl.-Ing.<\/span><strong style=\"font-family: 'Didact Gothic', sans-serif; font-size: 16px;\">\u00a0Wolfgang Baatz<\/strong><\/span><\/h4>\t\t\t\t\t\t<\/div>\n\t\t\t\t<\/div>\n\t\t\t\t<div class=\"elementor-element elementor-element-020f870 elementor-widget elementor-widget-image\" data-id=\"020f870\" data-element_type=\"widget\" data-widget_type=\"image.default\">\n\t\t\t\t<div class=\"elementor-widget-container\">\n\t\t\t\t\t\t\t\t\t\t<figure class=\"wp-caption\">\n\t\t\t\t\t\t\t\t\t\t<img decoding=\"async\" width=\"217\" height=\"281\" src=\"http:\/\/icomos.at\/wp2021\/wp-content\/uploads\/2022\/07\/Wolfgang-Baatz_NEU.jpg\" class=\"attachment-medium size-medium wp-image-3090\" alt=\"\" \/>\t\t\t\t\t\t\t\t\t\t\t<figcaption class=\"widget-image-caption wp-caption-text\">Foto: privat<\/figcaption>\n\t\t\t\t\t\t\t\t\t\t<\/figure>\n\t\t\t\t\t\t\t<\/div>\n\t\t\t\t<\/div>\n\t\t\t\t\t<\/div>\n\t\t<\/div>\n\t\t\t\t<div class=\"elementor-column elementor-col-50 elementor-inner-column elementor-element elementor-element-2ad277b\" data-id=\"2ad277b\" data-element_type=\"column\">\n\t\t\t<div class=\"elementor-widget-wrap elementor-element-populated\">\n\t\t\t\t\t\t<div class=\"elementor-element elementor-element-aa930f0 elementor-widget elementor-widget-text-editor\" data-id=\"aa930f0\" data-element_type=\"widget\" data-widget_type=\"text-editor.default\">\n\t\t\t\t<div class=\"elementor-widget-container\">\n\t\t\t\t\t\t\t<p><span style=\"color: #000000;\"><span lang=\"DE-AT\">Seit<\/span><span lang=\"DE-AT\"> 2020 verst\u00e4rkt Wolfgang Baatz den Vorstand im Fachbereich Konservierung-Restaurierung. Er ist Leiter des Instituts f\u00fcr Konservierung-Restaurierung an der Akademie der Bildenden K\u00fcnste und seit 1995 Mitglied des \u00f6sterreichischen Nationalkomitees von ICOMOS.<br \/><\/span><span style=\"font-family: var( --e-global-typography-text-font-family ), Sans-serif; font-weight: var( --e-global-typography-text-font-weight ); background-color: var(--nv-site-bg); letter-spacing: 0px;\">Baatz studierte von 1973 bis 1978 Konservierung und Technologie an der Akademie der bildenden K\u00fcnste Wien und war bis 1994 als freiberuflicher Restaurator, vorwiegend im Bereich Wandmalerei, t\u00e4tig. 1984 absolvierte er den ICCROM-Kurs \u201eConservation of Wall Paintings\u201c, im darauf folgenden Jahr begann er das Studium der Technischen Chemie an der TU Wien, das er 1993 mit Auszeichnung abschloss. Dazwischen war Baatz auch als Lektor bei ICCROM und an der Akademie der bildenden K\u00fcnste Wien t\u00e4tig, wo er 1994 er als ordentlicher Professor und Leiter des Instituts f\u00fcr Konservierung-Restaurierung berufen wurde.<br \/><\/span><span style=\"background-color: var(--nv-site-bg); font-family: var( --e-global-typography-text-font-family ), Sans-serif; font-weight: var( --e-global-typography-text-font-weight ); letter-spacing: 0px;\">Er war 1998 Mitbegr\u00fcnder und ist seit 2010 Chairman of the Board of ENCoRE (European Network for Conservation-Restoration Education), dem derzeit 40 europ\u00e4ische Universit\u00e4ten angeh\u00f6ren, die eine Ausbildung zum Restaurator anbieten. Bei einer Reihe \u00f6sterreichischer Prestigeprojekte war als Fachkonsulent t\u00e4tig, wie etwa der Zustandserfassung und Monitoring des Beethoven-Frieses von Gustav Klimt in der Wiener Secession sowie bei den Restaurierungen des Palais Epstein und des Parlamentsgeb\u00e4udes, beides Werke von Theophil Hansen. Seit 2019 leitet er das Nationalbank-Jubil\u00e4umsfondsprojekt zur Geschichte der Restaurierung in \u00d6sterreich: Erfahrungswissen und disziplin\u00e4re Professionalisierung. Im seit 1.1.2021 laufenden EU Erasmus+ Blueprint Projekt CHARTER (Cultural heritage actions to refine training, education and roles) leite er f\u00fcr die Akademie der bildenden K\u00fcnste Wien ein wichtiges Work Package. Dieses Mammutprojekt umfasst 28 Partnerinstitutionen, 9 Affiliated Partners und 19 Associate Partners. Es wird strategische Zusammenarbeit und innovative Methoden nutzen, um die L\u00fccken zwischen Bildungs- und Berufssystemen und dem Arbeitsmarkt zu schlie\u00dfen, Fachkr\u00e4ftemangel, L\u00fccken und Inkongruenzen zu verringern und den Mangel an statistischen Daten zum kulturellen Erbe zu \u00fcberwinden.<br \/><\/span><span style=\"background-color: var(--nv-site-bg); font-family: var( --e-global-typography-text-font-family ), Sans-serif; font-weight: var( --e-global-typography-text-font-weight ); letter-spacing: 0px;\">Das besondere Interesse von Wolfgang Baatz gilt dem Wandel in der Denkmalpflege hin zur Bewahrung der Authentizit\u00e4t unter Einbeziehen des Alterswerts, der sich in den letzten beiden Jahrzehnten stark abzuzeichnen begonnen hat.<\/span><\/span><\/p><p style=\"margin: 0cm 0cm 0.0001pt; line-height: 15.6933px; font-size: 11pt; font-family: Calibri; color: #000000;\">\u00a0<\/p>\t\t\t\t\t\t<\/div>\n\t\t\t\t<\/div>\n\t\t\t\t\t<\/div>\n\t\t<\/div>\n\t\t\t\t\t<\/div>\n\t\t<\/section>\n\t\t\t\t<div class=\"elementor-element elementor-element-ba42c23 elementor-widget-divider--view-line elementor-widget elementor-widget-divider\" data-id=\"ba42c23\" data-element_type=\"widget\" data-widget_type=\"divider.default\">\n\t\t\t\t<div class=\"elementor-widget-container\">\n\t\t\t\t\t<div class=\"elementor-divider\">\n\t\t\t<span class=\"elementor-divider-separator\">\n\t\t\t\t\t\t<\/span>\n\t\t<\/div>\n\t\t\t\t<\/div>\n\t\t\t\t<\/div>\n\t\t\t\t<section class=\"elementor-section elementor-inner-section elementor-element elementor-element-d5b2438 elementor-section-boxed elementor-section-height-default elementor-section-height-default\" data-id=\"d5b2438\" data-element_type=\"section\">\n\t\t\t\t\t\t<div class=\"elementor-container elementor-column-gap-default\">\n\t\t\t\t\t<div class=\"elementor-column elementor-col-50 elementor-inner-column elementor-element elementor-element-4d7552d\" data-id=\"4d7552d\" data-element_type=\"column\">\n\t\t\t<div class=\"elementor-widget-wrap elementor-element-populated\">\n\t\t\t\t\t\t<div class=\"elementor-element elementor-element-53244d9 elementor-widget elementor-widget-text-editor\" data-id=\"53244d9\" data-element_type=\"widget\" data-widget_type=\"text-editor.default\">\n\t\t\t\t<div class=\"elementor-widget-container\">\n\t\t\t\t\t\t\t<h4><span style=\"color: #000000; background-color: var(--nv-site-bg); letter-spacing: 0px;\">Kassier<\/span><\/h4><p><span style=\"color: #000000;\">Dipl. Arch.\u00a0<strong style=\"background-color: var(--nv-site-bg); font-family: 'Didact Gothic', sans-serif; font-size: 16px;\">Cyrill von Planta<\/strong><\/span><\/p>\t\t\t\t\t\t<\/div>\n\t\t\t\t<\/div>\n\t\t\t\t<div class=\"elementor-element elementor-element-d8a1b6b elementor-widget elementor-widget-image\" data-id=\"d8a1b6b\" data-element_type=\"widget\" data-widget_type=\"image.default\">\n\t\t\t\t<div class=\"elementor-widget-container\">\n\t\t\t\t\t\t\t\t\t\t<figure class=\"wp-caption\">\n\t\t\t\t\t\t\t\t\t\t<img decoding=\"async\" width=\"351\" height=\"450\" src=\"http:\/\/icomos.at\/wp2021\/wp-content\/uploads\/2022\/07\/Cyrill-Kopie-351x450.jpg\" class=\"attachment-medium size-medium wp-image-3065\" alt=\"\" srcset=\"http:\/\/icomos.at\/wp2021\/wp-content\/uploads\/2022\/07\/Cyrill-Kopie-351x450.jpg 351w, http:\/\/icomos.at\/wp2021\/wp-content\/uploads\/2022\/07\/Cyrill-Kopie-800x1024.jpg 800w, http:\/\/icomos.at\/wp2021\/wp-content\/uploads\/2022\/07\/Cyrill-Kopie-768x983.jpg 768w, http:\/\/icomos.at\/wp2021\/wp-content\/uploads\/2022\/07\/Cyrill-Kopie.jpg 916w\" sizes=\"(max-width: 351px) 100vw, 351px\" \/>\t\t\t\t\t\t\t\t\t\t\t<figcaption class=\"widget-image-caption wp-caption-text\">Foto: privat<\/figcaption>\n\t\t\t\t\t\t\t\t\t\t<\/figure>\n\t\t\t\t\t\t\t<\/div>\n\t\t\t\t<\/div>\n\t\t\t\t\t<\/div>\n\t\t<\/div>\n\t\t\t\t<div class=\"elementor-column elementor-col-50 elementor-inner-column elementor-element elementor-element-9be2490\" data-id=\"9be2490\" data-element_type=\"column\">\n\t\t\t<div class=\"elementor-widget-wrap elementor-element-populated\">\n\t\t\t\t\t\t<div class=\"elementor-element elementor-element-fda0166 elementor-widget elementor-widget-text-editor\" data-id=\"fda0166\" data-element_type=\"widget\" data-widget_type=\"text-editor.default\">\n\t\t\t\t<div class=\"elementor-widget-container\">\n\t\t\t\t\t\t\t<p><span style=\"color: #000000;\">Der in der Schweiz geborene Cyrill von Planta absolvierte seine Mittelschule am Lester B. Pearson United World College of the Pacific in Victoria, British Columbia, Canada. 1999 beendet er seine Zimmermannslehre und 2005 sein Diplomstudium der Architektur an der Accademia di Architettura dell\u2019Universit\u00e0 della Svizzera Italiana in Medrisio im Tessin (Schweiz). Er gr\u00fcndet 2009 mit einem weiteren Gesellschafter Novetus, ein Unternehmen f\u00fcr Bauforschung, arch\u00e4ologische Dienstleistungen und Umweltvertr\u00e4glichkeitsgutachten. Seit Dezember 2013 ist er Ziviltechniker in \u00d6sterreich mit Spezialisierung auf Planen und Bauen im Bestand, Umgang mit historischer Bausubstanz und Denkmalschutz, seit 2015 \u00f6sterreichisches ICOMOS Mitglied, seit 2019 Mitglied des ICLAFI (International Scientific Committee on Legal, Administrative and Financial Issues) und seit 2022 Mitglied des ICORP (International Scientific Committee on Risk Preparedness). Seit 2018 ist er bei ICOMOS Austria als Kassier im Vorstand t\u00e4tig.\u00a0<br \/><\/span><span style=\"color: #000000; font-family: var( --e-global-typography-text-font-family ), Sans-serif; font-weight: var( --e-global-typography-text-font-weight ); background-color: var(--nv-site-bg); letter-spacing: 0px;\">Ende 2020 wurde er im Zuge der General Assembly in den Vorstand von ICOMOS International gew\u00e4hlt.<\/span><\/p><p style=\"margin: 0cm 0cm 0.0001pt; line-height: 15.6933px; font-size: 11pt; font-family: Calibri; color: #000000;\">\u00a0<\/p>\t\t\t\t\t\t<\/div>\n\t\t\t\t<\/div>\n\t\t\t\t\t<\/div>\n\t\t<\/div>\n\t\t\t\t\t<\/div>\n\t\t<\/section>\n\t\t\t\t<div class=\"elementor-element elementor-element-af37c38 elementor-widget-divider--view-line elementor-widget elementor-widget-divider\" data-id=\"af37c38\" data-element_type=\"widget\" data-widget_type=\"divider.default\">\n\t\t\t\t<div class=\"elementor-widget-container\">\n\t\t\t\t\t<div class=\"elementor-divider\">\n\t\t\t<span class=\"elementor-divider-separator\">\n\t\t\t\t\t\t<\/span>\n\t\t<\/div>\n\t\t\t\t<\/div>\n\t\t\t\t<\/div>\n\t\t\t\t<section class=\"elementor-section elementor-inner-section elementor-element elementor-element-2ed406b elementor-section-boxed elementor-section-height-default elementor-section-height-default\" data-id=\"2ed406b\" data-element_type=\"section\">\n\t\t\t\t\t\t<div class=\"elementor-container elementor-column-gap-default\">\n\t\t\t\t\t<div class=\"elementor-column elementor-col-50 elementor-inner-column elementor-element elementor-element-2779148\" data-id=\"2779148\" data-element_type=\"column\">\n\t\t\t<div class=\"elementor-widget-wrap elementor-element-populated\">\n\t\t\t\t\t\t<div class=\"elementor-element elementor-element-311c247 elementor-widget elementor-widget-text-editor\" data-id=\"311c247\" data-element_type=\"widget\" data-widget_type=\"text-editor.default\">\n\t\t\t\t<div class=\"elementor-widget-container\">\n\t\t\t\t\t\t\t<h4><span style=\"color: #000000; background-color: var(--nv-site-bg); letter-spacing: 0px;\">Kassier-Stellvertreter<\/span><\/h4><p><span style=\"color: #000000;\">Dipl.-Ing. <strong>Dr. Claudiu Silvestru<br \/><\/strong><\/span><\/p>\t\t\t\t\t\t<\/div>\n\t\t\t\t<\/div>\n\t\t\t\t\t<\/div>\n\t\t<\/div>\n\t\t\t\t<div class=\"elementor-column elementor-col-50 elementor-inner-column elementor-element elementor-element-56225a8\" data-id=\"56225a8\" data-element_type=\"column\">\n\t\t\t<div class=\"elementor-widget-wrap elementor-element-populated\">\n\t\t\t\t\t\t<div class=\"elementor-element elementor-element-f7fecb2 elementor-widget elementor-widget-text-editor\" data-id=\"f7fecb2\" data-element_type=\"widget\" data-widget_type=\"text-editor.default\">\n\t\t\t\t<div class=\"elementor-widget-container\">\n\t\t\t\t\t\t\t<div dir=\"auto\"><span style=\"color: #000000;\">Claudiu Silvestru, geboren 1984 in Cluj-Napoca, Rum\u00e4nien, hat Architektur an technischen Universit\u00e4ten in Cluj-Napoca, Graz und Sevilla studiert. 2014 schloss er an der TU Wien sein Doktorat zur Interpretation des mittelalterlichen Kulturerbes von Wien ab. Seit 2009 hat er in mehreren Architekturb\u00fcros an verschiedenen Umbauprojekte im denkmalgesch\u00fctzten Bestand gearbeitet. Seit 2024 ist er an der Schnittstelle von Bauen im Bestand und Nachhaltiges Bauen t\u00e4tig.<\/span><\/div><p dir=\"ltr\"><span style=\"color: #000000;\">Claudiu Silvestru ist 2013 Mitglied des \u00f6sterreichischen Nationalkomitees von ICOMOS geworden. Seit 2022 ist er f\u00fcr das Monitoring der Welterbest\u00e4tte Grenzen des R\u00f6mischen Reiches \u2013 Donaulimes (westlicher Abschnitt) zust\u00e4ndig. Seit 2023 ist er Mitglied der Arbeitsgruppe ICOMOS Austria Best Practice Award \u2013 Ziel der Auszeichnung ist es, die Fachkompetenz und Leistungsf\u00e4higkeit der \u00f6sterreichischen UmBaukultur zu pr\u00e4sentieren\u00a0 und das Potential des Weiterbauens in architektonischer und technischer Hinsicht durch die Preisvergabe an herausragende und innovative Projekte gut erkennbar zu dokumentieren sowie die Wahrnehmung von Bauen im Bestand und ICOMOS bei einem breiten Publikum zu f\u00f6rdern. Seit 2024 leitet er gemeinsam mit G\u00fcnter Dinhobl und Friedrich Idam die Arbeitsgruppe \u201cNachhaltigkeit und kulturelles Erbe\u201d, wo er f\u00fcr den Themenbereich zirkul\u00e4res Planen und Bauen zust\u00e4ndig ist.<\/span><\/p><p dir=\"ltr\"><span style=\"color: #000000;\">Seit Fr\u00fchjahr 2024 ist Claudiu Silvestru bei ICOMOS Austria als Kassier-Stellvertreter t\u00e4tig.<\/span><\/p>\t\t\t\t\t\t<\/div>\n\t\t\t\t<\/div>\n\t\t\t\t\t<\/div>\n\t\t<\/div>\n\t\t\t\t\t<\/div>\n\t\t<\/section>\n\t\t\t\t<div class=\"elementor-element elementor-element-6b747af elementor-widget-divider--view-line elementor-widget elementor-widget-divider\" data-id=\"6b747af\" data-element_type=\"widget\" data-widget_type=\"divider.default\">\n\t\t\t\t<div class=\"elementor-widget-container\">\n\t\t\t\t\t<div class=\"elementor-divider\">\n\t\t\t<span class=\"elementor-divider-separator\">\n\t\t\t\t\t\t<\/span>\n\t\t<\/div>\n\t\t\t\t<\/div>\n\t\t\t\t<\/div>\n\t\t\t\t<section class=\"elementor-section elementor-inner-section elementor-element elementor-element-9b15734 elementor-section-boxed elementor-section-height-default elementor-section-height-default\" data-id=\"9b15734\" data-element_type=\"section\">\n\t\t\t\t\t\t<div class=\"elementor-container elementor-column-gap-default\">\n\t\t\t\t\t<div class=\"elementor-column elementor-col-50 elementor-inner-column elementor-element elementor-element-e9ec82b\" data-id=\"e9ec82b\" data-element_type=\"column\">\n\t\t\t<div class=\"elementor-widget-wrap elementor-element-populated\">\n\t\t\t\t\t\t<div class=\"elementor-element elementor-element-1d1bb0d elementor-widget elementor-widget-text-editor\" data-id=\"1d1bb0d\" data-element_type=\"widget\" data-widget_type=\"text-editor.default\">\n\t\t\t\t<div class=\"elementor-widget-container\">\n\t\t\t\t\t\t\t<h4><span style=\"color: #000000; background-color: var(--nv-site-bg); letter-spacing: 0px;\">Schriftf\u00fchrerin, Generalsekret\u00e4rin<\/span><\/h4><p><span style=\"color: #000000;\">Ao.Univ.Prof.in Dipl.-Ing.in Dr.-Ing.in <strong>D\u00f6rte Kuhlmann<br \/><\/strong><\/span><\/p>\t\t\t\t\t\t<\/div>\n\t\t\t\t<\/div>\n\t\t\t\t\t<\/div>\n\t\t<\/div>\n\t\t\t\t<div class=\"elementor-column elementor-col-50 elementor-inner-column elementor-element elementor-element-ee70bc3\" data-id=\"ee70bc3\" data-element_type=\"column\">\n\t\t\t<div class=\"elementor-widget-wrap elementor-element-populated\">\n\t\t\t\t\t\t<div class=\"elementor-element elementor-element-3cc5779 elementor-widget elementor-widget-text-editor\" data-id=\"3cc5779\" data-element_type=\"widget\" data-widget_type=\"text-editor.default\">\n\t\t\t\t<div class=\"elementor-widget-container\">\n\t\t\t\t\t\t\t<p><span style=\"color: #000000;\">Ao. Univ. Prof. Dr. D\u00f6rte Kuhlmann arbeitet am Forschungsbereich Baugeschichte und Bauforschung der TU Wien. Sie absolvierte ihr Architekturstudium in Hannover und Wien und schloss ihr Doktorat 1998 an der Bauhaus Universit\u00e4t Weimar ab. 2002 habilitierte sie mit der Venia f\u00fcr Architekturtheorie im Forschungsbereich Baugeschichte und Bauforschung. Ihre Lehr- und Forschungst\u00e4tigkeit umfasst Design-Studios mit Focus auf Bauen im Bestand und die Auseinandersetzung mit dem bauhistorischen Erbe und der vernakul\u00e4ren Architektur in \u00d6sterreich. Neben zahlreichen Lehr- und Forschungsaufenthalten in den USA, Kosovo und Deutschland war sie von 2009 bis 2012 Mitglied im Gestaltungsbeirat Salzburg. Zu ihren Publikationen z\u00e4hlen unter anderem The Art of (Re)Creation (2016), Basics Methoden der Formfindung (Springer 2016 Co-autor) Space, Time &amp; Difference (Routledge 2013), Wooden Boxes (Luftschacht 2011), Wood with a Difference (edition selene 2009). 2023 war sie f\u00fcr ICOMOS Austria als Kassier-Stellvertreterin t\u00e4tig. <\/span><\/p>\t\t\t\t\t\t<\/div>\n\t\t\t\t<\/div>\n\t\t\t\t\t<\/div>\n\t\t<\/div>\n\t\t\t\t\t<\/div>\n\t\t<\/section>\n\t\t\t\t<div class=\"elementor-element elementor-element-8dcd573 elementor-widget-divider--view-line elementor-widget elementor-widget-divider\" data-id=\"8dcd573\" data-element_type=\"widget\" data-widget_type=\"divider.default\">\n\t\t\t\t<div class=\"elementor-widget-container\">\n\t\t\t\t\t<div class=\"elementor-divider\">\n\t\t\t<span class=\"elementor-divider-separator\">\n\t\t\t\t\t\t<\/span>\n\t\t<\/div>\n\t\t\t\t<\/div>\n\t\t\t\t<\/div>\n\t\t\t\t\t<\/div>\n\t\t<\/div>\n\t\t\t\t\t<\/div>\n\t\t<\/section>\n\t\t\t\t<section class=\"elementor-section elementor-top-section elementor-element elementor-element-b4c7a20 elementor-section-boxed elementor-section-height-default elementor-section-height-default\" data-id=\"b4c7a20\" data-element_type=\"section\">\n\t\t\t\t\t\t<div class=\"elementor-container elementor-column-gap-default\">\n\t\t\t\t\t<div class=\"elementor-column elementor-col-100 elementor-top-column elementor-element elementor-element-5740270\" data-id=\"5740270\" data-element_type=\"column\">\n\t\t\t<div class=\"elementor-widget-wrap elementor-element-populated\">\n\t\t\t\t\t\t<section class=\"elementor-section elementor-inner-section elementor-element elementor-element-e62c665 elementor-section-boxed elementor-section-height-default elementor-section-height-default\" data-id=\"e62c665\" data-element_type=\"section\">\n\t\t\t\t\t\t<div class=\"elementor-container elementor-column-gap-default\">\n\t\t\t\t\t<div class=\"elementor-column elementor-col-50 elementor-inner-column elementor-element elementor-element-17dd955\" data-id=\"17dd955\" data-element_type=\"column\">\n\t\t\t<div class=\"elementor-widget-wrap elementor-element-populated\">\n\t\t\t\t\t\t<div class=\"elementor-element elementor-element-886554f elementor-widget elementor-widget-text-editor\" data-id=\"886554f\" data-element_type=\"widget\" data-widget_type=\"text-editor.default\">\n\t\t\t\t<div class=\"elementor-widget-container\">\n\t\t\t\t\t\t\t<h4><span style=\"color: #000000; background-color: var(--nv-site-bg); letter-spacing: 0px;\">Schriftf\u00fchrerin-Stellvertreter<\/span><small><\/small><\/h4><p><span style=\"color: #000000;\">Dipl.-Ing.Dr.tech. <strong>Roland Tusch<\/strong><\/span><\/p>\t\t\t\t\t\t<\/div>\n\t\t\t\t<\/div>\n\t\t\t\t<div class=\"elementor-element elementor-element-143ecf4 elementor-widget elementor-widget-image\" data-id=\"143ecf4\" data-element_type=\"widget\" data-widget_type=\"image.default\">\n\t\t\t\t<div class=\"elementor-widget-container\">\n\t\t\t\t\t\t\t\t\t\t<figure class=\"wp-caption\">\n\t\t\t\t\t\t\t\t\t\t<img loading=\"lazy\" decoding=\"async\" width=\"273\" height=\"356\" src=\"http:\/\/icomos.at\/wp2021\/wp-content\/uploads\/2024\/06\/RolandTusch-009-Copy1-low-color.jpg\" class=\"attachment-large size-large wp-image-4502\" alt=\"\" \/>\t\t\t\t\t\t\t\t\t\t\t<figcaption class=\"widget-image-caption wp-caption-text\">Foto: Natascha Unkart<\/figcaption>\n\t\t\t\t\t\t\t\t\t\t<\/figure>\n\t\t\t\t\t\t\t<\/div>\n\t\t\t\t<\/div>\n\t\t\t\t\t<\/div>\n\t\t<\/div>\n\t\t\t\t<div class=\"elementor-column elementor-col-50 elementor-inner-column elementor-element elementor-element-b4f3405\" data-id=\"b4f3405\" data-element_type=\"column\">\n\t\t\t<div class=\"elementor-widget-wrap elementor-element-populated\">\n\t\t\t\t\t\t<div class=\"elementor-element elementor-element-abf6c32 elementor-widget elementor-widget-text-editor\" data-id=\"abf6c32\" data-element_type=\"widget\" data-widget_type=\"text-editor.default\">\n\t\t\t\t<div class=\"elementor-widget-container\">\n\t\t\t\t\t\t\t<p><span style=\"color: #000000;\">Roland Tusch studierte Architektur und promovierte an der Technischen Universit\u00e4t Wien. Nach seiner T\u00e4tigkeit als Assistent am Institut f\u00fcr Architektur und Landschaft der Technischen Universit\u00e4t Graz arbeitet er seit 2008 als Senior Scientist am Institut f\u00fcr Landschaftsarchitektur der Universit\u00e4t f\u00fcr Bodenkultur Wien. Seit 2014 ist er stellvertretender Leiter des Instituts. Hier forscht er im Themenfeld Landschaft und Infrastruktur und ist im Team des LArchiv, Archiv \u00d6sterreichischer Landschaftsarchitektur. Aktuell leitet er das Forschungsprojekt Wachau Routes, in dem mit landschaftsarchitektonischen und kunstbasierten Forschungsmethoden die Gestaltung der Verkehrswege durch die Wachau untersucht wird. Einer seiner Schwerpunkte liegt auf der UNESCO-Welterbest\u00e4tte Semmeringeisenbahn. In mehreren Projekten untersuchte er den Zusammenhang zwischen der Eisenbahnstrecke, den bahnbegleitenden Geb\u00e4uden und der Topographie. Roland Tusch ist seit 2019 Mitglied im ICOMOS-Monitoring-Team f\u00fcr das Welterbe Semmeringeisenbahn und vertritt ICOMOS im Gestaltungsbeirat f\u00fcr den Semmering-Basistunnel. Im Fr\u00fchjahr 2024 wurde er von der Generalversammlung als Stellvertreter der Schriftf\u00fchrerin in den Vorstand von ICOMOS Austria gew\u00e4hlt. Roland Tusch ist Vizepr\u00e4sident von TICCIH Austria, dem \u00d6sterreichischen Denkmalrat f\u00fcr das kulturelle Erbe von Industrie und Technik. Er ist Mitglied im Kuratorium Nextland, der Online-Sammlung zeitgen\u00f6ssischer \u00f6sterreichischer Landschaftsarchitektur sowie im Gutachter*innengremium Kunst im \u00f6ffentlichen Raum Nieder\u00f6sterreich.<\/span><\/p>\t\t\t\t\t\t<\/div>\n\t\t\t\t<\/div>\n\t\t\t\t\t<\/div>\n\t\t<\/div>\n\t\t\t\t\t<\/div>\n\t\t<\/section>\n\t\t\t\t<div class=\"elementor-element elementor-element-d1e6c0c elementor-widget-divider--view-line elementor-widget elementor-widget-divider\" data-id=\"d1e6c0c\" data-element_type=\"widget\" data-widget_type=\"divider.default\">\n\t\t\t\t<div class=\"elementor-widget-container\">\n\t\t\t\t\t<div class=\"elementor-divider\">\n\t\t\t<span class=\"elementor-divider-separator\">\n\t\t\t\t\t\t<\/span>\n\t\t<\/div>\n\t\t\t\t<\/div>\n\t\t\t\t<\/div>\n\t\t\t\t<div class=\"elementor-element elementor-element-7bf0b78 elementor-widget elementor-widget-text-editor\" data-id=\"7bf0b78\" data-element_type=\"widget\" data-widget_type=\"text-editor.default\">\n\t\t\t\t<div class=\"elementor-widget-container\">\n\t\t\t\t\t\t\t<h1><span style=\"color: #000000;\">Erweiterter Vorstand<\/span><\/h1>\t\t\t\t\t\t<\/div>\n\t\t\t\t<\/div>\n\t\t\t\t<section class=\"elementor-section elementor-inner-section elementor-element elementor-element-8f08f9d elementor-section-boxed elementor-section-height-default elementor-section-height-default\" data-id=\"8f08f9d\" data-element_type=\"section\">\n\t\t\t\t\t\t<div class=\"elementor-container elementor-column-gap-default\">\n\t\t\t\t\t<div class=\"elementor-column elementor-col-50 elementor-inner-column elementor-element elementor-element-28db55c\" data-id=\"28db55c\" data-element_type=\"column\">\n\t\t\t<div class=\"elementor-widget-wrap elementor-element-populated\">\n\t\t\t\t\t\t<div class=\"elementor-element elementor-element-96438a6 elementor-widget elementor-widget-text-editor\" data-id=\"96438a6\" data-element_type=\"widget\" data-widget_type=\"text-editor.default\">\n\t\t\t\t<div class=\"elementor-widget-container\">\n\t\t\t\t\t\t\t<h4><span style=\"color: #000000; background-color: var(--nv-site-bg); letter-spacing: 0px;\">Leiter Arbeitsgruppe Recht und Kulturelles Erbe<\/span><\/h4><h4><span style=\"color: #000000; font-family: var( --e-global-typography-text-font-family ), Sans-serif; background-color: var(--nv-site-bg); font-size: 16px; letter-spacing: 0px; font-weight: 400;\">Dr.\u00a0<\/span><strong style=\"color: #000000; font-family: var( --e-global-typography-text-font-family ), Sans-serif; background-color: var(--nv-site-bg); font-size: 16px; letter-spacing: 0px;\">Manfred Matzka<\/strong><\/h4>\t\t\t\t\t\t<\/div>\n\t\t\t\t<\/div>\n\t\t\t\t<div class=\"elementor-element elementor-element-a99afe8 elementor-widget elementor-widget-image\" data-id=\"a99afe8\" data-element_type=\"widget\" data-widget_type=\"image.default\">\n\t\t\t\t<div class=\"elementor-widget-container\">\n\t\t\t\t\t\t\t\t\t\t<figure class=\"wp-caption\">\n\t\t\t\t\t\t\t\t\t\t<img loading=\"lazy\" decoding=\"async\" width=\"379\" height=\"450\" src=\"http:\/\/icomos.at\/wp2021\/wp-content\/uploads\/2021\/07\/Portrait-Matzkacprivat-379x450.jpg\" class=\"attachment-medium size-medium wp-image-2227\" alt=\"\" srcset=\"http:\/\/icomos.at\/wp2021\/wp-content\/uploads\/2021\/07\/Portrait-Matzkacprivat-379x450.jpg 379w, http:\/\/icomos.at\/wp2021\/wp-content\/uploads\/2021\/07\/Portrait-Matzkacprivat.jpg 461w\" sizes=\"(max-width: 379px) 100vw, 379px\" \/>\t\t\t\t\t\t\t\t\t\t\t<figcaption class=\"widget-image-caption wp-caption-text\">Foto: privat<\/figcaption>\n\t\t\t\t\t\t\t\t\t\t<\/figure>\n\t\t\t\t\t\t\t<\/div>\n\t\t\t\t<\/div>\n\t\t\t\t\t<\/div>\n\t\t<\/div>\n\t\t\t\t<div class=\"elementor-column elementor-col-50 elementor-inner-column elementor-element elementor-element-7a94721\" data-id=\"7a94721\" data-element_type=\"column\">\n\t\t\t<div class=\"elementor-widget-wrap elementor-element-populated\">\n\t\t\t\t\t\t<div class=\"elementor-element elementor-element-02cdff3 elementor-widget elementor-widget-text-editor\" data-id=\"02cdff3\" data-element_type=\"widget\" data-widget_type=\"text-editor.default\">\n\t\t\t\t<div class=\"elementor-widget-container\">\n\t\t\t\t\t\t\t<p><span style=\"color: #000000;\"><span lang=\"DE-AT\">Geboren 1950 in Waidhofen\/Thaya. Nach der Matura Jusstudium in Wien von 1970 \u2013 1975. 1972 wissenschaftliche Hilfskraft am Institut f\u00fcr R\u00f6misches Recht. Promotion zum Dr.iur. 1975. Funktionen in der Studentenpolitik.<br><\/span><span lang=\"DE-AT\" style=\"font-family: var( --e-global-typography-text-font-family ), Sans-serif; font-weight: var( --e-global-typography-text-font-weight ); background-color: var(--nv-site-bg); letter-spacing: 0px;\">1975 Universit\u00e4tsassistent am Institut f\u00fcr Staats- und Verwaltungsrecht. Publikationen zu Fragen der Verwaltungsorganisation. Lehrauftr\u00e4ge in Staatslehre und Verfassungsrecht.<\/span><span style=\"font-family: var( --e-global-typography-text-font-family ), Sans-serif; font-weight: var( --e-global-typography-text-font-weight ); letter-spacing: 0px; background-color: var(--nv-site-bg);\"><br><\/span><span lang=\"DE-AT\" style=\"font-family: var( --e-global-typography-text-font-family ), Sans-serif; font-weight: var( --e-global-typography-text-font-weight ); background-color: var(--nv-site-bg); letter-spacing: 0px;\">1980 Verfassungsdienst des Bundeskanzleramtes. Arbeitsbereiche: Grundrechte, Finanzrecht, Datenschutz. Publikationen zu Verfassungsfragen, Lehrauftr\u00e4ge an der Sozial- und wirtschaftswissenschaftlichen Fakult\u00e4t.<\/span><span style=\"font-family: var( --e-global-typography-text-font-family ), Sans-serif; font-weight: var( --e-global-typography-text-font-weight ); letter-spacing: 0px; background-color: var(--nv-site-bg);\"><br><\/span><span style=\"font-family: var( --e-global-typography-text-font-family ), Sans-serif; font-weight: var( --e-global-typography-text-font-weight ); background-color: var(--nv-site-bg); letter-spacing: 0px;\">1987 Referent f\u00fcr Rechtsfragen im B\u00fcro des BM f\u00fcr Gesundheit und \u00f6ffentlichen Dienst, 1989 Wechsel in das BMI, Kabinettschef. Ab 1993 Leitung der Sektion f\u00fcr Pass-, Fremden-, Asyl- und Grenzkontrollwesen. Management der gro\u00dfen Migrations- und Fluchtwelle aus Jugoslawien. T\u00e4tigkeiten in Beamtengremien der EU, Vorbereitung des \u00f6sterreichischen Schengen- und EU-Beitritts. Publikationen zu Migrationsfragen.<br><\/span><span lang=\"DE-AT\" style=\"font-family: var( --e-global-typography-text-font-family ), Sans-serif; font-weight: var( --e-global-typography-text-font-weight ); background-color: var(--nv-site-bg); letter-spacing: 0px;\">1999 Pr\u00e4sidialchef im Bundeskanzleramt. Zust\u00e4ndigkeit f\u00fcr Personal, Budget, Organisation, e-Government, Ministerratsdienst, Protokoll, Rechtsfragen. Besonderes Engagement im Bereich des e-Governmnt. Internationale Funktionen insbesondere in EU-Gremien. 2000 \u2013 2015 stellvertretender Vorsitzender des Wirtschaftsrates der Bundesanstalt Statistik \u00d6sterreich, Aufsichtsrat der Justizbetreuungsagentur, Kuratorium MUNOK.<\/span><span style=\"font-family: var( --e-global-typography-text-font-family ), Sans-serif; font-weight: var( --e-global-typography-text-font-weight ); letter-spacing: 0px; background-color: var(--nv-site-bg);\"><br><\/span><span lang=\"DE-AT\" style=\"font-family: var( --e-global-typography-text-font-family ), Sans-serif; font-weight: var( --e-global-typography-text-font-weight ); background-color: var(--nv-site-bg); letter-spacing: 0px;\">2005 zus\u00e4tzlich interimistischer Leiter der Kunstsektion. Mitglied es \u00d6sterreich-Konvents zur Verfassungsreform und Vorsitzender seines Ausschusses f\u00fcr ausgegliederte Einrichtungen. Vorsitzender von Steuerungsgremien diverser Verwaltungsreformprojekte. Pr\u00e4sident der \u00d6sterr. Verwaltungswissenschaftlichen Gesellschaft. Publikationen zu Verwaltungsfragen und \u00fcber die Regierungspalais.<\/span><span style=\"font-family: var( --e-global-typography-text-font-family ), Sans-serif; font-weight: var( --e-global-typography-text-font-weight ); letter-spacing: 0px; background-color: var(--nv-site-bg);\"><br><\/span><span style=\"font-family: var( --e-global-typography-text-font-family ), Sans-serif; font-weight: var( --e-global-typography-text-font-weight ); background-color: var(--nv-site-bg); letter-spacing: 0px;\">Seit 2010 Mitglied des Aufsichtsrates der Bundestheater-Holding GmbH. 2012 Vizepr\u00e4sident von Austrian Standards. Ende 2015 \u00dcbertritt in den Ruhestand. Ernennung zum Professor. 2019 pers\u00f6nlicher Berater der Bundeskanzlerin. Publizistische T\u00e4tigkeit insbesondere im Kulturbereich und zur Verwaltungsgeschichte (\u201eDie Staatskanzlei\u201c 2017).<\/span><\/span><\/p>\t\t\t\t\t\t<\/div>\n\t\t\t\t<\/div>\n\t\t\t\t\t<\/div>\n\t\t<\/div>\n\t\t\t\t\t<\/div>\n\t\t<\/section>\n\t\t\t\t<div class=\"elementor-element elementor-element-b76e171 elementor-widget-divider--view-line elementor-widget elementor-widget-divider\" data-id=\"b76e171\" data-element_type=\"widget\" data-widget_type=\"divider.default\">\n\t\t\t\t<div class=\"elementor-widget-container\">\n\t\t\t\t\t<div class=\"elementor-divider\">\n\t\t\t<span class=\"elementor-divider-separator\">\n\t\t\t\t\t\t<\/span>\n\t\t<\/div>\n\t\t\t\t<\/div>\n\t\t\t\t<\/div>\n\t\t\t\t<section class=\"elementor-section elementor-inner-section elementor-element elementor-element-fc29fc9 elementor-section-boxed elementor-section-height-default elementor-section-height-default\" data-id=\"fc29fc9\" data-element_type=\"section\">\n\t\t\t\t\t\t<div class=\"elementor-container elementor-column-gap-default\">\n\t\t\t\t\t<div class=\"elementor-column elementor-col-50 elementor-inner-column elementor-element elementor-element-1ab9b02\" data-id=\"1ab9b02\" data-element_type=\"column\">\n\t\t\t<div class=\"elementor-widget-wrap elementor-element-populated\">\n\t\t\t\t\t\t<div class=\"elementor-element elementor-element-6eee571 elementor-widget elementor-widget-text-editor\" data-id=\"6eee571\" data-element_type=\"widget\" data-widget_type=\"text-editor.default\">\n\t\t\t\t<div class=\"elementor-widget-container\">\n\t\t\t\t\t\t\t<h4><span style=\"color: #000000; background-color: var(--nv-site-bg); letter-spacing: 0px;\">Leiterin Arbeitsgruppe Monitoring<\/span><\/h4><h4><span style=\"color: #000000; font-family: var( --e-global-typography-text-font-family ), Sans-serif; background-color: var(--nv-site-bg); font-size: 16px; letter-spacing: 0px;\"><span style=\"font-weight: var( --e-global-typography-text-font-weight );\">Dipl.-Ing. Dr. techn.\u00a0<\/span><span style=\"font-weight: 400;\"><br \/><\/span><\/span><strong style=\"color: #000000; font-family: var( --e-global-typography-text-font-family ), Sans-serif; background-color: var(--nv-site-bg); font-size: 16px; letter-spacing: 0px;\">Ulrike Herbig<\/strong><\/h4>\t\t\t\t\t\t<\/div>\n\t\t\t\t<\/div>\n\t\t\t\t\t<\/div>\n\t\t<\/div>\n\t\t\t\t<div class=\"elementor-column elementor-col-50 elementor-inner-column elementor-element elementor-element-6224d82\" data-id=\"6224d82\" data-element_type=\"column\">\n\t\t\t<div class=\"elementor-widget-wrap elementor-element-populated\">\n\t\t\t\t\t\t<div class=\"elementor-element elementor-element-f4d52ff elementor-widget elementor-widget-text-editor\" data-id=\"f4d52ff\" data-element_type=\"widget\" data-widget_type=\"text-editor.default\">\n\t\t\t\t<div class=\"elementor-widget-container\">\n\t\t\t\t\t\t\t<p><span style=\"color: #000000;\">Ulrike Herbig ist seit 1996 Mitglied von ICOMOS \u00d6sterreich. Sie studierte Geodesie und promovierte am Institut f\u00fcr Photogrammmetrie und Fernerkundung der TU Wien bei Professor Peter Waldh\u00e4usl, Gr\u00fcndungsmitglied und Ehrenpr\u00e4sident von CIPA und Ehrenmitglied von ICOMOS International. Seit 2003 f\u00fchrt sie die Gesch\u00e4fte des Instituts f\u00fcr Vergleichende Architekturforschung (IVA-ICRA). Derzeit ist Ulrike Herbig Beauftragte f\u00fcr die Forschungskoordination und internationale Beziehungen der Fakult\u00e4t f\u00fcr Architektur und Raumplanung der TU Wien. F\u00fcr ICOMOS Austria f\u00fchrt sie seit 2012 Jahren die Monitoring Gruppe f\u00fcr die UNESCO Welterbe Kulturlandschaft \u201eFert\u0151\/Neusiedlersee\u201c und ist seit 2018 auch Sprecherin der Monitoring-Gruppe von ICOMOS Austria.<\/span><\/p><p style=\"margin: 0cm 0cm 0.0001pt; line-height: 15.6933px; font-size: 11pt; font-family: Calibri; color: #000000;\">\u00a0<\/p>\t\t\t\t\t\t<\/div>\n\t\t\t\t<\/div>\n\t\t\t\t\t<\/div>\n\t\t<\/div>\n\t\t\t\t\t<\/div>\n\t\t<\/section>\n\t\t\t\t<section class=\"elementor-section elementor-inner-section elementor-element elementor-element-659dfed elementor-section-boxed elementor-section-height-default elementor-section-height-default\" data-id=\"659dfed\" data-element_type=\"section\">\n\t\t\t\t\t\t<div class=\"elementor-container elementor-column-gap-default\">\n\t\t\t\t\t<div class=\"elementor-column elementor-col-100 elementor-inner-column elementor-element elementor-element-c068661\" data-id=\"c068661\" data-element_type=\"column\">\n\t\t\t<div class=\"elementor-widget-wrap elementor-element-populated\">\n\t\t\t\t\t\t<div class=\"elementor-element elementor-element-5b54a46 elementor-widget-divider--view-line elementor-widget elementor-widget-divider\" data-id=\"5b54a46\" data-element_type=\"widget\" data-widget_type=\"divider.default\">\n\t\t\t\t<div class=\"elementor-widget-container\">\n\t\t\t\t\t<div class=\"elementor-divider\">\n\t\t\t<span class=\"elementor-divider-separator\">\n\t\t\t\t\t\t<\/span>\n\t\t<\/div>\n\t\t\t\t<\/div>\n\t\t\t\t<\/div>\n\t\t\t\t\t<\/div>\n\t\t<\/div>\n\t\t\t\t\t<\/div>\n\t\t<\/section>\n\t\t\t\t<section class=\"elementor-section elementor-inner-section elementor-element elementor-element-0123adf elementor-section-boxed elementor-section-height-default elementor-section-height-default\" data-id=\"0123adf\" data-element_type=\"section\">\n\t\t\t\t\t\t<div class=\"elementor-container elementor-column-gap-default\">\n\t\t\t\t\t<div class=\"elementor-column elementor-col-50 elementor-inner-column elementor-element elementor-element-edf2963\" data-id=\"edf2963\" data-element_type=\"column\">\n\t\t\t<div class=\"elementor-widget-wrap elementor-element-populated\">\n\t\t\t\t\t\t<div class=\"elementor-element elementor-element-ec56556 elementor-widget elementor-widget-text-editor\" data-id=\"ec56556\" data-element_type=\"widget\" data-widget_type=\"text-editor.default\">\n\t\t\t\t<div class=\"elementor-widget-container\">\n\t\t\t\t\t\t\t<h4><span style=\"color: #000000; background-color: var(--nv-site-bg); letter-spacing: 0px;\">Leiter Arbeitsgruppe Nachhaltigkeit und kulturelles Erbe<br \/><\/span><\/h4><h4><span style=\"color: #000000; font-family: var( --e-global-typography-text-font-family ), Sans-serif; background-color: var(--nv-site-bg); font-size: 16px; letter-spacing: 0px;\">Mag. <\/span><span style=\"color: #000000; font-family: var( --e-global-typography-text-font-family ), Sans-serif; background-color: var(--nv-site-bg); font-size: 16px; letter-spacing: 0px;\"><span style=\"font-weight: var( --e-global-typography-text-font-weight );\">Dr.<strong> G\u00fcnter Dinhobl<br \/><\/strong><\/span><\/span><\/h4>\t\t\t\t\t\t<\/div>\n\t\t\t\t<\/div>\n\t\t\t\t\t<\/div>\n\t\t<\/div>\n\t\t\t\t<div class=\"elementor-column elementor-col-50 elementor-inner-column elementor-element elementor-element-82255cd\" data-id=\"82255cd\" data-element_type=\"column\">\n\t\t\t<div class=\"elementor-widget-wrap elementor-element-populated\">\n\t\t\t\t\t\t<div class=\"elementor-element elementor-element-707c808 elementor-widget elementor-widget-text-editor\" data-id=\"707c808\" data-element_type=\"widget\" data-widget_type=\"text-editor.default\">\n\t\t\t\t<div class=\"elementor-widget-container\">\n\t\t\t\t\t\t\t<p><span style=\"color: #000000;\">G\u00fcnter Dinhobl ist ausgebildeter Maschinenbauer, Physiker und Historiker. Er ist seit 1996 im Bereich der Eisenbahngeschichte und des Eisenbahn-Welterbes t\u00e4tig. Seit 2005 ist Dr. Dinhobl Mitglied von ICOMOS und seit 2008 Mitglied der ICOMOS Austria \u201eMonitoring Group\u201c; weiters auch Mitglied von TICCIH (internationaler Denkmalrat f\u00fcr technische Denkm\u00e4ler). Seine T\u00e4tigkeit umfasst Vortr\u00e4ge und Publikationen zu Eisenbahngeschichte, Eisenbahn-Welterbe sowie technische Denkm\u00e4ler national und international. Als (Co-)Kurator bei eisenbahnhistorischen (Sonder-)Ausstellungen im Technischen Museum Wien, Wien Museum, S\u00fcdbahn Museum, \u00d6sterreichischen Staatsarchiv und Deutschen Museum M\u00fcnchen ist er national und\u00a0<\/span><span style=\"color: #000000;\"> international im Bereich Denkmalschutz und &#8211; pflege t\u00e4tig.<\/span><\/p>\t\t\t\t\t\t<\/div>\n\t\t\t\t<\/div>\n\t\t\t\t\t<\/div>\n\t\t<\/div>\n\t\t\t\t\t<\/div>\n\t\t<\/section>\n\t\t\t\t<section class=\"elementor-section elementor-inner-section elementor-element elementor-element-d0d6b66 elementor-section-boxed elementor-section-height-default elementor-section-height-default\" data-id=\"d0d6b66\" data-element_type=\"section\">\n\t\t\t\t\t\t<div class=\"elementor-container elementor-column-gap-default\">\n\t\t\t\t\t<div class=\"elementor-column elementor-col-100 elementor-inner-column elementor-element elementor-element-03809be\" data-id=\"03809be\" data-element_type=\"column\">\n\t\t\t<div class=\"elementor-widget-wrap elementor-element-populated\">\n\t\t\t\t\t\t<div class=\"elementor-element elementor-element-2a0ab0a elementor-widget-divider--view-line elementor-widget elementor-widget-divider\" data-id=\"2a0ab0a\" data-element_type=\"widget\" data-widget_type=\"divider.default\">\n\t\t\t\t<div class=\"elementor-widget-container\">\n\t\t\t\t\t<div class=\"elementor-divider\">\n\t\t\t<span class=\"elementor-divider-separator\">\n\t\t\t\t\t\t<\/span>\n\t\t<\/div>\n\t\t\t\t<\/div>\n\t\t\t\t<\/div>\n\t\t\t\t\t<\/div>\n\t\t<\/div>\n\t\t\t\t\t<\/div>\n\t\t<\/section>\n\t\t\t\t<section class=\"elementor-section elementor-inner-section elementor-element elementor-element-3f7065b elementor-section-boxed elementor-section-height-default elementor-section-height-default\" data-id=\"3f7065b\" data-element_type=\"section\">\n\t\t\t\t\t\t<div class=\"elementor-container elementor-column-gap-default\">\n\t\t\t\t\t<div class=\"elementor-column elementor-col-50 elementor-inner-column elementor-element elementor-element-985f8b1\" data-id=\"985f8b1\" data-element_type=\"column\">\n\t\t\t<div class=\"elementor-widget-wrap elementor-element-populated\">\n\t\t\t\t\t\t<div class=\"elementor-element elementor-element-09fb9fc elementor-widget elementor-widget-text-editor\" data-id=\"09fb9fc\" data-element_type=\"widget\" data-widget_type=\"text-editor.default\">\n\t\t\t\t<div class=\"elementor-widget-container\">\n\t\t\t\t\t\t\t<h4>Leiter Arbeitsgruppe ICOMOS Austria Best Practice Award<\/h4><h4><span style=\"color: #000000; font-family: var( --e-global-typography-text-font-family ), Sans-serif; background-color: var(--nv-site-bg); font-size: 16px; letter-spacing: 0px;\">Architekt Dipl.-Ing.<\/span> <br \/><strong><span style=\"color: #000000; font-family: var( --e-global-typography-text-font-family ), Sans-serif; background-color: var(--nv-site-bg); font-size: 16px; letter-spacing: 0px;\">Stefan Mastal<\/span><\/strong><\/h4>\t\t\t\t\t\t<\/div>\n\t\t\t\t<\/div>\n\t\t\t\t<div class=\"elementor-element elementor-element-86078ab elementor-widget elementor-widget-image\" data-id=\"86078ab\" data-element_type=\"widget\" data-widget_type=\"image.default\">\n\t\t\t\t<div class=\"elementor-widget-container\">\n\t\t\t\t\t\t\t\t\t\t<figure class=\"wp-caption\">\n\t\t\t\t\t\t\t\t\t\t<img loading=\"lazy\" decoding=\"async\" width=\"450\" height=\"450\" src=\"http:\/\/icomos.at\/wp2021\/wp-content\/uploads\/2026\/01\/stefan_mastal_600x600-450x450.jpg\" class=\"attachment-medium size-medium wp-image-4866\" alt=\"Stefan Mastal\" srcset=\"http:\/\/icomos.at\/wp2021\/wp-content\/uploads\/2026\/01\/stefan_mastal_600x600-450x450.jpg 450w, http:\/\/icomos.at\/wp2021\/wp-content\/uploads\/2026\/01\/stefan_mastal_600x600-150x150.jpg 150w, http:\/\/icomos.at\/wp2021\/wp-content\/uploads\/2026\/01\/stefan_mastal_600x600.jpg 600w\" sizes=\"(max-width: 450px) 100vw, 450px\" \/>\t\t\t\t\t\t\t\t\t\t\t<figcaption class=\"widget-image-caption wp-caption-text\">Foto: privat<\/figcaption>\n\t\t\t\t\t\t\t\t\t\t<\/figure>\n\t\t\t\t\t\t\t<\/div>\n\t\t\t\t<\/div>\n\t\t\t\t\t<\/div>\n\t\t<\/div>\n\t\t\t\t<div class=\"elementor-column elementor-col-50 elementor-inner-column elementor-element elementor-element-f03ef50\" data-id=\"f03ef50\" data-element_type=\"column\">\n\t\t\t<div class=\"elementor-widget-wrap elementor-element-populated\">\n\t\t\t\t\t\t<div class=\"elementor-element elementor-element-05fad54 elementor-widget elementor-widget-text-editor\" data-id=\"05fad54\" data-element_type=\"widget\" data-widget_type=\"text-editor.default\">\n\t\t\t\t<div class=\"elementor-widget-container\">\n\t\t\t\t\t\t\t<p>Stefan Mastal studierte Architektur an der TU Wien und der \u00c9cole d\u2019architecture et du paysage de Bordeaux. Seit 2012 f\u00fchrt er ein eigenes Architekturb\u00fcro in Wien, in dem er vor allem denkmalgesch\u00fctzte Geb\u00e4ude in allen Planungsphasen bearbeitet. Stefan Mastal ist Mitglied des Ausschusses Historische Geb\u00e4ude der Kammer W\/N\/B der ZiviltechnikerInnen, ArchitektInnen und IngenieurInnen. Seit 2018 ist er Mitglied von ICOMOS und leitet hier die Arbeitsgruppe ICOMOS Austria Best Practice Award. Seit 2022 ist Stefan Mastal Studienlektor an der Universit\u00e4t f\u00fcr Weiterbildung Krems.<\/p>\t\t\t\t\t\t<\/div>\n\t\t\t\t<\/div>\n\t\t\t\t\t<\/div>\n\t\t<\/div>\n\t\t\t\t\t<\/div>\n\t\t<\/section>\n\t\t\t\t<section class=\"elementor-section elementor-inner-section elementor-element elementor-element-aac4971 elementor-section-boxed elementor-section-height-default elementor-section-height-default\" data-id=\"aac4971\" data-element_type=\"section\">\n\t\t\t\t\t\t<div class=\"elementor-container elementor-column-gap-default\">\n\t\t\t\t\t<div class=\"elementor-column elementor-col-100 elementor-inner-column elementor-element elementor-element-2ca7de5\" data-id=\"2ca7de5\" data-element_type=\"column\">\n\t\t\t<div class=\"elementor-widget-wrap elementor-element-populated\">\n\t\t\t\t\t\t<div class=\"elementor-element elementor-element-313a06d elementor-widget-divider--view-line elementor-widget elementor-widget-divider\" data-id=\"313a06d\" data-element_type=\"widget\" data-widget_type=\"divider.default\">\n\t\t\t\t<div class=\"elementor-widget-container\">\n\t\t\t\t\t<div class=\"elementor-divider\">\n\t\t\t<span class=\"elementor-divider-separator\">\n\t\t\t\t\t\t<\/span>\n\t\t<\/div>\n\t\t\t\t<\/div>\n\t\t\t\t<\/div>\n\t\t\t\t\t<\/div>\n\t\t<\/div>\n\t\t\t\t\t<\/div>\n\t\t<\/section>\n\t\t\t\t\t<\/div>\n\t\t<\/div>\n\t\t\t\t\t<\/div>\n\t\t<\/section>\n\t\t\t\t<\/div>\n\t\t","protected":false},"excerpt":{"rendered":"<p>ICOMOS Austria hat seit 17. M\u00e4rz 2018 eine neue F\u00fchrung. Die damals von der Mehrheit der Mitglieder gew\u00e4hlte Pr\u00e4sidentin Prof. Dr. Caroline J\u00e4ger-Klein, Professorin f\u00fcr Architekturgeschichte an der Technischen Universit\u00e4t Wien, hatte unmittelbar die seit 2011 diskutierte Umwandlung des Nationalkomitees in einen \u00f6sterreichischen Verein in Angriff zu nehmen. Mit der Mitgliederversammlung, die am 20. Oktober&hellip;&nbsp;<a href=\"http:\/\/icomos.at\/wp2021\/icomos\/icomos-austria\/der-vorstand\/\" class=\"\" rel=\"bookmark\">Weiterlesen &raquo;<span class=\"screen-reader-text\">Vorstand<\/span><\/a><\/p>\n","protected":false},"author":1,"featured_media":0,"parent":225,"menu_order":5,"comment_status":"closed","ping_status":"closed","template":"","meta":{"neve_meta_sidebar":"full-width","neve_meta_container":"","neve_meta_enable_content_width":"on","neve_meta_content_width":100,"neve_meta_title_alignment":"","neve_meta_author_avatar":"","neve_post_elements_order":"","neve_meta_disable_header":"","neve_meta_disable_footer":"","neve_meta_disable_title":"","_ti_tpc_template_sync":false,"_ti_tpc_template_id":"","footnotes":""},"class_list":["post-244","page","type-page","status-publish","hentry"],"_links":{"self":[{"href":"http:\/\/icomos.at\/wp2021\/wp-json\/wp\/v2\/pages\/244"}],"collection":[{"href":"http:\/\/icomos.at\/wp2021\/wp-json\/wp\/v2\/pages"}],"about":[{"href":"http:\/\/icomos.at\/wp2021\/wp-json\/wp\/v2\/types\/page"}],"author":[{"embeddable":true,"href":"http:\/\/icomos.at\/wp2021\/wp-json\/wp\/v2\/users\/1"}],"replies":[{"embeddable":true,"href":"http:\/\/icomos.at\/wp2021\/wp-json\/wp\/v2\/comments?post=244"}],"version-history":[{"count":209,"href":"http:\/\/icomos.at\/wp2021\/wp-json\/wp\/v2\/pages\/244\/revisions"}],"predecessor-version":[{"id":4882,"href":"http:\/\/icomos.at\/wp2021\/wp-json\/wp\/v2\/pages\/244\/revisions\/4882"}],"up":[{"embeddable":true,"href":"http:\/\/icomos.at\/wp2021\/wp-json\/wp\/v2\/pages\/225"}],"wp:attachment":[{"href":"http:\/\/icomos.at\/wp2021\/wp-json\/wp\/v2\/media?parent=244"}],"curies":[{"name":"wp","href":"https:\/\/api.w.org\/{rel}","templated":true}]}}